{"id":45,"date":"2012-10-18T15:28:57","date_gmt":"2012-10-18T13:28:57","guid":{"rendered":"http:\/\/www.genitoriattivi.it\/?page_id=45"},"modified":"2025-09-10T11:57:21","modified_gmt":"2025-09-10T09:57:21","slug":"laboratori","status":"publish","type":"page","link":"https:\/\/www.genitoriattivi.it\/?page_id=45","title":{"rendered":"Teatro &#8230;PER TUTTI!!"},"content":{"rendered":"\n<p><strong>Ripartono i corsi di teatro per tutti!!! piccoli&#8230;grandi&#8230;medi &#8211; lezione aperta di prova<\/strong><\/p>\n\n\n\n<figure class=\"wp-block-gallery has-nested-images columns-default is-cropped wp-block-gallery-1 is-layout-flex\">\n<figure class=\"wp-block-image size-large\"><a href=\"http:\/\/www.genitoriattivi.it\/wp-content\/uploads\/2025\/09\/TEATRO-ADULTI-2025-2026.jpg\"><img decoding=\"async\" loading=\"lazy\" width=\"819\" height=\"1024\" data-id=\"5164\"  src=\"http:\/\/www.genitoriattivi.it\/wp-content\/uploads\/2025\/09\/TEATRO-ADULTI-2025-2026-819x1024.jpg\" alt=\"\" class=\"wp-image-5164\" srcset=\"https:\/\/www.genitoriattivi.it\/wp-content\/uploads\/2025\/09\/TEATRO-ADULTI-2025-2026-819x1024.jpg 819w, https:\/\/www.genitoriattivi.it\/wp-content\/uploads\/2025\/09\/TEATRO-ADULTI-2025-2026-240x300.jpg 240w, https:\/\/www.genitoriattivi.it\/wp-content\/uploads\/2025\/09\/TEATRO-ADULTI-2025-2026-768x960.jpg 768w, https:\/\/www.genitoriattivi.it\/wp-content\/uploads\/2025\/09\/TEATRO-ADULTI-2025-2026.jpg 1080w\" sizes=\"(max-width: 819px) 100vw, 819px\" \/><\/a><\/figure>\n<\/figure>\n\n\n\n<figure class=\"wp-block-gallery has-nested-images columns-default is-cropped wp-block-gallery-3 is-layout-flex\">\n<figure class=\"wp-block-image size-large\"><a href=\"http:\/\/www.genitoriattivi.it\/wp-content\/uploads\/2025\/09\/TEATRO-RAGAZZI-2025-2026.jpg\"><img decoding=\"async\" loading=\"lazy\" width=\"724\" height=\"1024\" data-id=\"5163\"  src=\"http:\/\/www.genitoriattivi.it\/wp-content\/uploads\/2025\/09\/TEATRO-RAGAZZI-2025-2026-724x1024.jpg\" alt=\"\" class=\"wp-image-5163\" srcset=\"https:\/\/www.genitoriattivi.it\/wp-content\/uploads\/2025\/09\/TEATRO-RAGAZZI-2025-2026-724x1024.jpg 724w, https:\/\/www.genitoriattivi.it\/wp-content\/uploads\/2025\/09\/TEATRO-RAGAZZI-2025-2026-212x300.jpg 212w, https:\/\/www.genitoriattivi.it\/wp-content\/uploads\/2025\/09\/TEATRO-RAGAZZI-2025-2026-768x1086.jpg 768w, https:\/\/www.genitoriattivi.it\/wp-content\/uploads\/2025\/09\/TEATRO-RAGAZZI-2025-2026-1086x1536.jpg 1086w, https:\/\/www.genitoriattivi.it\/wp-content\/uploads\/2025\/09\/TEATRO-RAGAZZI-2025-2026.jpg 1131w\" sizes=\"(max-width: 724px) 100vw, 724px\" \/><\/a><\/figure>\n<\/figure>\n\n\n\n<figure class=\"wp-block-gallery has-nested-images columns-default is-cropped wp-block-gallery-5 is-layout-flex\">\n<figure class=\"wp-block-image size-large\"><a href=\"http:\/\/www.genitoriattivi.it\/wp-content\/uploads\/2025\/09\/TEATRO-PRIMARIA-2025-2026.jpg\"><img decoding=\"async\" loading=\"lazy\" width=\"724\" height=\"1024\" data-id=\"5162\"  src=\"http:\/\/www.genitoriattivi.it\/wp-content\/uploads\/2025\/09\/TEATRO-PRIMARIA-2025-2026-724x1024.jpg\" alt=\"\" class=\"wp-image-5162\" srcset=\"https:\/\/www.genitoriattivi.it\/wp-content\/uploads\/2025\/09\/TEATRO-PRIMARIA-2025-2026-724x1024.jpg 724w, https:\/\/www.genitoriattivi.it\/wp-content\/uploads\/2025\/09\/TEATRO-PRIMARIA-2025-2026-212x300.jpg 212w, https:\/\/www.genitoriattivi.it\/wp-content\/uploads\/2025\/09\/TEATRO-PRIMARIA-2025-2026-768x1086.jpg 768w, https:\/\/www.genitoriattivi.it\/wp-content\/uploads\/2025\/09\/TEATRO-PRIMARIA-2025-2026-1086x1536.jpg 1086w, https:\/\/www.genitoriattivi.it\/wp-content\/uploads\/2025\/09\/TEATRO-PRIMARIA-2025-2026.jpg 1131w\" sizes=\"(max-width: 724px) 100vw, 724px\" \/><\/a><\/figure>\n<\/figure>\n\n\n\n<p>*************************************************************************************************************<\/p>\n\n\n\n<p><strong>SAGGI DI TEATRO RAGAZZI 2025&#8230;SIETE PRONTI??!?!? SABATO 17 MAGGIO ORE 12.00 E ORE 17.00<\/strong><\/p>\n\n\n\n<p>Un <strong>grazie <\/strong>particolare a <strong>PROGETTO CASA <\/strong>che anche quest&#8217;anno ci ha permesso di realizzare questo progetto.<strong> Grazie a Paola e Felix<\/strong> per aver accompagnato i ragazzi in questa avventura.<\/p>\n\n\n\n<p>Un <strong>grazie particolare<\/strong> anche alla <strong>prof.ssa La Bua<\/strong> per aver seguito il progetto con il laboratorio di scenografia.<\/p>\n\n\n\n<figure class=\"wp-block-gallery has-nested-images columns-default is-cropped wp-block-gallery-7 is-layout-flex\">\n<figure class=\"wp-block-image size-large\"><a href=\"http:\/\/www.genitoriattivi.it\/wp-content\/uploads\/2025\/05\/saggio-teatro-17052025-1.jpg\"><img decoding=\"async\" loading=\"lazy\" width=\"724\" height=\"1024\" data-id=\"5100\"  src=\"http:\/\/www.genitoriattivi.it\/wp-content\/uploads\/2025\/05\/saggio-teatro-17052025-1-724x1024.jpg\" alt=\"\" class=\"wp-image-5100\" srcset=\"https:\/\/www.genitoriattivi.it\/wp-content\/uploads\/2025\/05\/saggio-teatro-17052025-1-724x1024.jpg 724w, https:\/\/www.genitoriattivi.it\/wp-content\/uploads\/2025\/05\/saggio-teatro-17052025-1-212x300.jpg 212w, https:\/\/www.genitoriattivi.it\/wp-content\/uploads\/2025\/05\/saggio-teatro-17052025-1-768x1087.jpg 768w, https:\/\/www.genitoriattivi.it\/wp-content\/uploads\/2025\/05\/saggio-teatro-17052025-1.jpg 800w\" sizes=\"(max-width: 724px) 100vw, 724px\" \/><\/a><\/figure>\n<\/figure>\n\n\n\n<figure class=\"wp-block-gallery has-nested-images columns-default is-cropped wp-block-gallery-9 is-layout-flex\">\n<figure class=\"wp-block-image size-large\"><a href=\"http:\/\/www.genitoriattivi.it\/wp-content\/uploads\/2025\/05\/saggio-teatro-2-17052025-1.jpg\"><img decoding=\"async\" loading=\"lazy\" width=\"724\" height=\"1024\" data-id=\"5102\"  src=\"http:\/\/www.genitoriattivi.it\/wp-content\/uploads\/2025\/05\/saggio-teatro-2-17052025-1-724x1024.jpg\" alt=\"\" class=\"wp-image-5102\" srcset=\"https:\/\/www.genitoriattivi.it\/wp-content\/uploads\/2025\/05\/saggio-teatro-2-17052025-1-724x1024.jpg 724w, https:\/\/www.genitoriattivi.it\/wp-content\/uploads\/2025\/05\/saggio-teatro-2-17052025-1-212x300.jpg 212w, https:\/\/www.genitoriattivi.it\/wp-content\/uploads\/2025\/05\/saggio-teatro-2-17052025-1-768x1086.jpg 768w, https:\/\/www.genitoriattivi.it\/wp-content\/uploads\/2025\/05\/saggio-teatro-2-17052025-1.jpg 800w\" sizes=\"(max-width: 724px) 100vw, 724px\" \/><\/a><\/figure>\n<\/figure>\n\n\n\n<p>**********************************************************************************************<\/p>\n\n\n\n<p>ECCO I CORSI PER I NOSTRI ATTORI&#8230;PRIMARIA E SECONDARIA!!<\/p>\n\n\n\n<figure class=\"wp-block-gallery has-nested-images columns-default is-cropped wp-block-gallery-11 is-layout-flex\">\n<figure class=\"wp-block-image size-large\"><a href=\"http:\/\/www.genitoriattivi.it\/wp-content\/uploads\/2024\/09\/LOCANDINE-CORSO-2024-2025-2.jpg\"><img decoding=\"async\" loading=\"lazy\" width=\"838\" height=\"1024\" data-id=\"4965\"  src=\"http:\/\/www.genitoriattivi.it\/wp-content\/uploads\/2024\/09\/LOCANDINE-CORSO-2024-2025-2-838x1024.jpg\" alt=\"\" class=\"wp-image-4965\" srcset=\"https:\/\/www.genitoriattivi.it\/wp-content\/uploads\/2024\/09\/LOCANDINE-CORSO-2024-2025-2-838x1024.jpg 838w, https:\/\/www.genitoriattivi.it\/wp-content\/uploads\/2024\/09\/LOCANDINE-CORSO-2024-2025-2-245x300.jpg 245w, https:\/\/www.genitoriattivi.it\/wp-content\/uploads\/2024\/09\/LOCANDINE-CORSO-2024-2025-2-768x939.jpg 768w, https:\/\/www.genitoriattivi.it\/wp-content\/uploads\/2024\/09\/LOCANDINE-CORSO-2024-2025-2.jpg 1157w\" sizes=\"(max-width: 838px) 100vw, 838px\" \/><\/a><\/figure>\n<\/figure>\n\n\n\n<p>***********************************************************<\/p>\n\n\n\n<p>NUOVA REPLICA PER UNA SERATA DI RISATE IN COMPAGNIA DEI NOSTRI AMICI DEI FERMENTI ATTICI!!<\/p>\n\n\n\n<p>COMMEDIA ESILERANTE&#8230;E DI EQUIVOCI..!!! SUL PALCO DUE NOSTRE STORICHE ASSOCIATE!!<\/p>\n\n\n\n<p>NUOVA DATA: <strong>4 MAGGIO ORE 21.00 TEATRO VITTORIA &#8211; VIA MONTE SAN GABRIELE, 150 <\/strong><\/p>\n\n\n\n<p>(Sesto San Giovanni- MM SESTO MARELLI)<\/p>\n\n\n\n<figure class=\"wp-block-gallery has-nested-images columns-default is-cropped wp-block-gallery-13 is-layout-flex\">\n<figure class=\"wp-block-image size-large\"><a href=\"http:\/\/www.genitoriattivi.it\/wp-content\/uploads\/2024\/04\/FERMENTI-ATTICI-04052024.jpg\"><img decoding=\"async\" loading=\"lazy\" width=\"724\" height=\"1024\" data-id=\"4896\"  src=\"http:\/\/www.genitoriattivi.it\/wp-content\/uploads\/2024\/04\/FERMENTI-ATTICI-04052024-724x1024.jpg\" alt=\"\" class=\"wp-image-4896\" srcset=\"https:\/\/www.genitoriattivi.it\/wp-content\/uploads\/2024\/04\/FERMENTI-ATTICI-04052024-724x1024.jpg 724w, https:\/\/www.genitoriattivi.it\/wp-content\/uploads\/2024\/04\/FERMENTI-ATTICI-04052024-212x300.jpg 212w, https:\/\/www.genitoriattivi.it\/wp-content\/uploads\/2024\/04\/FERMENTI-ATTICI-04052024-768x1086.jpg 768w, https:\/\/www.genitoriattivi.it\/wp-content\/uploads\/2024\/04\/FERMENTI-ATTICI-04052024-1086x1536.jpg 1086w, https:\/\/www.genitoriattivi.it\/wp-content\/uploads\/2024\/04\/FERMENTI-ATTICI-04052024.jpg 1131w\" sizes=\"(max-width: 724px) 100vw, 724px\" \/><\/a><\/figure>\n<\/figure>\n\n\n\n<p>*****************************************************************************<\/p>\n\n\n\n<p>REPLICA: COMMEDIA ESILERANTE!!! SUL PALCO DUE NOSTRE STORICHE ASSOCIATE!!<\/p>\n\n\n\n<p>SAVE THE DATE <strong>11 NOVEMBRE 2023 ORE 21.00 TEATRO C\/O CRISTO RE VIA FORTEZZA <\/strong><\/p>\n\n\n\n<div class=\"wp-block-file\"><object class=\"wp-block-file__embed\" data=\"http:\/\/www.genitoriattivi.it\/wp-content\/uploads\/2023\/11\/FERMENTI-ATTICI-11.11.2023-TI-PRESENTO-PAPA.pdf\" type=\"application\/pdf\" style=\"width:100%;height:600px\" aria-label=\"Incorporamento di FERMENTI-ATTICI-11.11.2023-TI-PRESENTO-PAPA.\"><\/object><a id=\"wp-block-file--media-530c02c5-932c-45de-80be-964097bffbee\" href=\"http:\/\/www.genitoriattivi.it\/wp-content\/uploads\/2023\/11\/FERMENTI-ATTICI-11.11.2023-TI-PRESENTO-PAPA.pdf\">FERMENTI-ATTICI-11.11.2023-TI-PRESENTO-PAPA<\/a><a href=\"http:\/\/www.genitoriattivi.it\/wp-content\/uploads\/2023\/11\/FERMENTI-ATTICI-11.11.2023-TI-PRESENTO-PAPA.pdf\" class=\"wp-block-file__button wp-element-button\" download aria-describedby=\"wp-block-file--media-530c02c5-932c-45de-80be-964097bffbee\">Download<\/a><\/div>\n\n\n\n<p>************************************************************************<\/p>\n\n\n\n<figure class=\"wp-block-image size-large\"><a href=\"http:\/\/www.genitoriattivi.it\/wp-content\/uploads\/2023\/11\/locandine-teatro-bimbi-2023-24-PRIMARIA.jpg\"><img decoding=\"async\" loading=\"lazy\" width=\"724\" height=\"1024\" src=\"http:\/\/www.genitoriattivi.it\/wp-content\/uploads\/2023\/11\/locandine-teatro-bimbi-2023-24-PRIMARIA-724x1024.jpg\" alt=\"\" class=\"wp-image-4798\" srcset=\"https:\/\/www.genitoriattivi.it\/wp-content\/uploads\/2023\/11\/locandine-teatro-bimbi-2023-24-PRIMARIA-724x1024.jpg 724w, https:\/\/www.genitoriattivi.it\/wp-content\/uploads\/2023\/11\/locandine-teatro-bimbi-2023-24-PRIMARIA-212x300.jpg 212w, https:\/\/www.genitoriattivi.it\/wp-content\/uploads\/2023\/11\/locandine-teatro-bimbi-2023-24-PRIMARIA-768x1086.jpg 768w, https:\/\/www.genitoriattivi.it\/wp-content\/uploads\/2023\/11\/locandine-teatro-bimbi-2023-24-PRIMARIA-1086x1536.jpg 1086w, https:\/\/www.genitoriattivi.it\/wp-content\/uploads\/2023\/11\/locandine-teatro-bimbi-2023-24-PRIMARIA.jpg 1200w\" sizes=\"(max-width: 724px) 100vw, 724px\" \/><\/a><\/figure>\n\n\n\n<figure class=\"wp-block-gallery has-nested-images columns-default is-cropped wp-block-gallery-15 is-layout-flex\">\n<figure class=\"wp-block-image size-large\"><a href=\"http:\/\/www.genitoriattivi.it\/wp-content\/uploads\/2023\/11\/locandine-teatro-teen-2023-24-TEEN.jpg\"><img decoding=\"async\" loading=\"lazy\" width=\"724\" height=\"1024\" data-id=\"4799\"  src=\"http:\/\/www.genitoriattivi.it\/wp-content\/uploads\/2023\/11\/locandine-teatro-teen-2023-24-TEEN-724x1024.jpg\" alt=\"\" class=\"wp-image-4799\" srcset=\"https:\/\/www.genitoriattivi.it\/wp-content\/uploads\/2023\/11\/locandine-teatro-teen-2023-24-TEEN-724x1024.jpg 724w, https:\/\/www.genitoriattivi.it\/wp-content\/uploads\/2023\/11\/locandine-teatro-teen-2023-24-TEEN-212x300.jpg 212w, https:\/\/www.genitoriattivi.it\/wp-content\/uploads\/2023\/11\/locandine-teatro-teen-2023-24-TEEN-768x1086.jpg 768w, https:\/\/www.genitoriattivi.it\/wp-content\/uploads\/2023\/11\/locandine-teatro-teen-2023-24-TEEN-1086x1536.jpg 1086w, https:\/\/www.genitoriattivi.it\/wp-content\/uploads\/2023\/11\/locandine-teatro-teen-2023-24-TEEN.jpg 1200w\" sizes=\"(max-width: 724px) 100vw, 724px\" \/><\/a><\/figure>\n<\/figure>\n\n\n\n<p>SAVE THE DATE &#8211; EVENTO ALL&#8217;INTERNO DELLA CIVIL WEEK &#8211; <strong>6 MAGGIO 2023 ORE 16.00 TEATRO VILLA  (CRISTO RE) <\/strong><\/p>\n\n\n\n<p>LA COMPAGNIA DI TEATRO  RAGAZZI MEDIE- <strong>LIGHT_UP-<\/strong>  IN COLLABORAZIONE CON I DOCENTI DI ARTE, CI MOSTRERANNO IL LORO LAVORO DI TEATRO E SCENOGRAFIA SVOLTO DURANTE L&#8217;ANNO IN UN&#8217;ATTIVITA&#8217; EXTRA CURRICOLARE . <strong>PARTECIPIAMO NUMEROSI PER APPLAUDIRE COMPAGNI ED AMICI!!<\/strong><\/p>\n\n\n\n<p><strong>UN SICERO GRAZIE ALLA PROF. LA BUA PER AVER COINVOLTO I RAGAZZI IN QUESTO PROGETTO E A FELIX E PAOLA PER IL LORO IMPEGNO PER IL TEATRO<\/strong>.<strong>.E PER CREDERCI SEMPRE!!<\/strong> <\/p>\n\n\n\n<p>UN GRAZIE PARTICOLARE A <strong>PROGETTO CASA <\/strong>CHE HA SPONSORIZZATO IL LABORATORIO TEATRALE  E A PERMESSO LA SUA MESSA IN SCENA ..IN TEATRO!!! <strong>GRAZIE GRAZIE DI CUORE DA TUTTI NOI!!<\/strong><\/p>\n\n\n\n<figure class=\"wp-block-image size-large\"><a href=\"http:\/\/www.genitoriattivi.it\/wp-content\/uploads\/2023\/04\/SAGGIO-LIGHT-UP-6-maggio-2023-1.jpg\"><img decoding=\"async\" loading=\"lazy\" width=\"724\" height=\"1024\" src=\"http:\/\/www.genitoriattivi.it\/wp-content\/uploads\/2023\/04\/SAGGIO-LIGHT-UP-6-maggio-2023-1-724x1024.jpg\" alt=\"\" class=\"wp-image-4568\" srcset=\"https:\/\/www.genitoriattivi.it\/wp-content\/uploads\/2023\/04\/SAGGIO-LIGHT-UP-6-maggio-2023-1-724x1024.jpg 724w, https:\/\/www.genitoriattivi.it\/wp-content\/uploads\/2023\/04\/SAGGIO-LIGHT-UP-6-maggio-2023-1-212x300.jpg 212w, https:\/\/www.genitoriattivi.it\/wp-content\/uploads\/2023\/04\/SAGGIO-LIGHT-UP-6-maggio-2023-1-768x1086.jpg 768w, https:\/\/www.genitoriattivi.it\/wp-content\/uploads\/2023\/04\/SAGGIO-LIGHT-UP-6-maggio-2023-1-1086x1536.jpg 1086w, https:\/\/www.genitoriattivi.it\/wp-content\/uploads\/2023\/04\/SAGGIO-LIGHT-UP-6-maggio-2023-1.jpg 1131w\" sizes=\"(max-width: 724px) 100vw, 724px\" \/><\/a><\/figure>\n\n\n\n<figure class=\"wp-block-image size-full is-resized\"><a href=\"http:\/\/www.genitoriattivi.it\/wp-content\/uploads\/2023\/04\/13-maggio-FERMENTI-ATTICI.jpg\"><img decoding=\"async\" loading=\"lazy\" src=\"http:\/\/www.genitoriattivi.it\/wp-content\/uploads\/2023\/04\/13-maggio-FERMENTI-ATTICI.jpg\" alt=\"\" class=\"wp-image-4576\" width=\"837\" height=\"1721\" srcset=\"https:\/\/www.genitoriattivi.it\/wp-content\/uploads\/2023\/04\/13-maggio-FERMENTI-ATTICI.jpg 498w, https:\/\/www.genitoriattivi.it\/wp-content\/uploads\/2023\/04\/13-maggio-FERMENTI-ATTICI-146x300.jpg 146w\" sizes=\"(max-width: 837px) 100vw, 837px\" \/><\/a><\/figure>\n\n\n\n<p>ALTRO APPUNTAMENTO TEATRALE DA NON PERDERE!! <strong>13 MAGGIO TEATRO VITTORIA ORE 21.00<\/strong> UNA COMMEDIA DI AMICI&#8230;DA NON PERDERE!!! VI ASPETTIAMO- VIA MONTE SAN MICHE,150 -SESTO SG<\/p>\n\n\n\n<p>*****************************************************************************************************<\/p>\n\n\n\n<p><\/p>\n\n\n\n<p><strong>TEATRO PER RAGAZZI E PER ADULTI!! <\/strong>UN&#8217;OTTIMA OCCASIONE PER TUTTI DI RELAZIONARSI CON I COMPAGNI, GLI AMICI&#8230;E LE EMOZIONI!!! PROVATE!!! E PER NOI GRANDI&#8230;PER SUPERARE EMOZIONI ..E PROVARE GRANDI GIOIE!!<\/p>\n\n\n\n<figure class=\"wp-block-image size-large\"><a href=\"http:\/\/www.genitoriattivi.it\/wp-content\/uploads\/2022\/10\/CRISALIDE-2022-2023.jpg\"><img decoding=\"async\" loading=\"lazy\" width=\"724\" height=\"1024\" src=\"http:\/\/www.genitoriattivi.it\/wp-content\/uploads\/2022\/10\/CRISALIDE-2022-2023-724x1024.jpg\" alt=\"\" class=\"wp-image-4402\" srcset=\"https:\/\/www.genitoriattivi.it\/wp-content\/uploads\/2022\/10\/CRISALIDE-2022-2023-724x1024.jpg 724w, https:\/\/www.genitoriattivi.it\/wp-content\/uploads\/2022\/10\/CRISALIDE-2022-2023-212x300.jpg 212w, https:\/\/www.genitoriattivi.it\/wp-content\/uploads\/2022\/10\/CRISALIDE-2022-2023-768x1086.jpg 768w, https:\/\/www.genitoriattivi.it\/wp-content\/uploads\/2022\/10\/CRISALIDE-2022-2023.jpg 1000w\" sizes=\"(max-width: 724px) 100vw, 724px\" \/><\/a><\/figure>\n\n\n\n<figure class=\"wp-block-gallery has-nested-images columns-default is-cropped wp-block-gallery-17 is-layout-flex\">\n<figure class=\"wp-block-image size-large\"><a href=\"http:\/\/www.genitoriattivi.it\/wp-content\/uploads\/2022\/09\/locandine202022-23-secondaria-1.jpg\"><img decoding=\"async\" loading=\"lazy\" width=\"724\" height=\"1024\" data-id=\"4344\"  src=\"http:\/\/www.genitoriattivi.it\/wp-content\/uploads\/2022\/09\/locandine202022-23-secondaria-1-724x1024.jpg\" alt=\"\" class=\"wp-image-4344\" srcset=\"https:\/\/www.genitoriattivi.it\/wp-content\/uploads\/2022\/09\/locandine202022-23-secondaria-1-724x1024.jpg 724w, https:\/\/www.genitoriattivi.it\/wp-content\/uploads\/2022\/09\/locandine202022-23-secondaria-1-212x300.jpg 212w, https:\/\/www.genitoriattivi.it\/wp-content\/uploads\/2022\/09\/locandine202022-23-secondaria-1-768x1086.jpg 768w, https:\/\/www.genitoriattivi.it\/wp-content\/uploads\/2022\/09\/locandine202022-23-secondaria-1.jpg 800w\" sizes=\"(max-width: 724px) 100vw, 724px\" \/><\/a><\/figure>\n<\/figure>\n\n\n\n<p><\/p>\n\n\n\n<figure class=\"wp-block-gallery has-nested-images columns-default is-cropped wp-block-gallery-19 is-layout-flex\">\n<figure class=\"wp-block-image size-large\"><a href=\"http:\/\/www.genitoriattivi.it\/wp-content\/uploads\/2022\/09\/locandina-teatro-1.png\"><img decoding=\"async\" loading=\"lazy\" width=\"600\" height=\"848\" data-id=\"4345\"  src=\"http:\/\/www.genitoriattivi.it\/wp-content\/uploads\/2022\/09\/locandina-teatro-1.png\" alt=\"\" class=\"wp-image-4345\" srcset=\"https:\/\/www.genitoriattivi.it\/wp-content\/uploads\/2022\/09\/locandina-teatro-1.png 600w, https:\/\/www.genitoriattivi.it\/wp-content\/uploads\/2022\/09\/locandina-teatro-1-212x300.png 212w\" sizes=\"(max-width: 600px) 100vw, 600px\" \/><\/a><\/figure>\n<\/figure>\n\n\n<p><strong>SAGGI CORSO TEATRO A.S. 2021\/2022 SABATO 28 MAGGIO 2022<\/strong><\/p>\n<p>SAVE THE DATE ED ACCORRETE NUMEROSI!!!! &#8230;GLI ATTORI VI ASPETTANO!!!<\/p>\n<p><a href=\"http:\/\/www.genitoriattivi.it\/wp-content\/uploads\/2022\/05\/saggio-teatro-piccoli-maggio-2022.jpg\"><img decoding=\"async\" loading=\"lazy\" class=\"alignnone wp-image-4268 size-large\" src=\"http:\/\/www.genitoriattivi.it\/wp-content\/uploads\/2022\/05\/saggio-teatro-piccoli-maggio-2022-723x1024.jpg\" alt=\"saggio teatro piccoli maggio 2022\" width=\"500\" height=\"708\" srcset=\"https:\/\/www.genitoriattivi.it\/wp-content\/uploads\/2022\/05\/saggio-teatro-piccoli-maggio-2022-723x1024.jpg 723w, https:\/\/www.genitoriattivi.it\/wp-content\/uploads\/2022\/05\/saggio-teatro-piccoli-maggio-2022-212x300.jpg 212w, https:\/\/www.genitoriattivi.it\/wp-content\/uploads\/2022\/05\/saggio-teatro-piccoli-maggio-2022.jpg 1240w\" sizes=\"(max-width: 500px) 100vw, 500px\" \/><\/a><\/p>\n<p><\/p>\n<p><a href=\"http:\/\/www.genitoriattivi.it\/wp-content\/uploads\/2022\/05\/saggio-3-teatro-piccoli-maggio-2022.jpg\"><img decoding=\"async\" loading=\"lazy\" class=\"alignnone wp-image-4266 size-large\" src=\"http:\/\/www.genitoriattivi.it\/wp-content\/uploads\/2022\/05\/saggio-3-teatro-piccoli-maggio-2022-723x1024.jpg\" alt=\"saggio 3 teatro piccoli maggio 2022\" width=\"500\" height=\"708\" srcset=\"https:\/\/www.genitoriattivi.it\/wp-content\/uploads\/2022\/05\/saggio-3-teatro-piccoli-maggio-2022-723x1024.jpg 723w, https:\/\/www.genitoriattivi.it\/wp-content\/uploads\/2022\/05\/saggio-3-teatro-piccoli-maggio-2022-212x300.jpg 212w, https:\/\/www.genitoriattivi.it\/wp-content\/uploads\/2022\/05\/saggio-3-teatro-piccoli-maggio-2022.jpg 1240w\" sizes=\"(max-width: 500px) 100vw, 500px\" \/><\/a><\/p>\n<p><\/p>\n<p><a href=\"http:\/\/www.genitoriattivi.it\/wp-content\/uploads\/2022\/05\/saggio-2-teatro-piccoli-maggio-20221.jpg\"><img decoding=\"async\" loading=\"lazy\" class=\"alignnone wp-image-4267 size-large\" src=\"http:\/\/www.genitoriattivi.it\/wp-content\/uploads\/2022\/05\/saggio-2-teatro-piccoli-maggio-20221-723x1024.jpg\" alt=\"saggio 2 teatro piccoli maggio 2022\" width=\"500\" height=\"708\" srcset=\"https:\/\/www.genitoriattivi.it\/wp-content\/uploads\/2022\/05\/saggio-2-teatro-piccoli-maggio-20221-723x1024.jpg 723w, https:\/\/www.genitoriattivi.it\/wp-content\/uploads\/2022\/05\/saggio-2-teatro-piccoli-maggio-20221-212x300.jpg 212w, https:\/\/www.genitoriattivi.it\/wp-content\/uploads\/2022\/05\/saggio-2-teatro-piccoli-maggio-20221.jpg 1240w\" sizes=\"(max-width: 500px) 100vw, 500px\" \/><\/a><\/p>\n<p><\/p>\n<p>VI ASPETTIAMO NUMEROSIIIIIIIIIIIIIIII<\/p>\n<p>****************************************************************<\/p>\n<p><strong>COMPAGNIA LIGHT-UP!! SAGGIO DI FINE ANNO<\/strong><\/p>\n<p><strong>&nbsp; SAVE THE DATE&nbsp; SABATO 7&nbsp; MAGGIO ORE 18.00 -TEATRO VILLA<\/strong><\/p>\n<p>ACCORRETE&#8230;GENTE&#8230;ACCORRETE!!<\/p>\n<p><\/p>\n<p><a href=\"http:\/\/www.genitoriattivi.it\/wp-content\/uploads\/2022\/04\/light-up-2022.jpg\"><img decoding=\"async\" loading=\"lazy\" class=\"aligncenter wp-image-4198 size-large\" src=\"http:\/\/www.genitoriattivi.it\/wp-content\/uploads\/2022\/04\/light-up-2022-716x1024.jpg\" alt=\"light-up 2022\" width=\"500\" height=\"715\" srcset=\"https:\/\/www.genitoriattivi.it\/wp-content\/uploads\/2022\/04\/light-up-2022-716x1024.jpg 716w, https:\/\/www.genitoriattivi.it\/wp-content\/uploads\/2022\/04\/light-up-2022-209x300.jpg 209w, https:\/\/www.genitoriattivi.it\/wp-content\/uploads\/2022\/04\/light-up-2022.jpg 1080w\" sizes=\"(max-width: 500px) 100vw, 500px\" \/><\/a><\/p>\n<p><\/p>\n<p>************************************************************************<img decoding=\"async\" loading=\"lazy\" class=\"aligncenter wp-image-4033 size-large\" src=\"http:\/\/www.genitoriattivi.it\/wp-content\/uploads\/2021\/11\/OCA-EVA-27112021-723x1024.jpg\" alt=\"Copia di OCAEVA\" width=\"500\" height=\"708\" srcset=\"https:\/\/www.genitoriattivi.it\/wp-content\/uploads\/2021\/11\/OCA-EVA-27112021-723x1024.jpg 723w, https:\/\/www.genitoriattivi.it\/wp-content\/uploads\/2021\/11\/OCA-EVA-27112021-212x300.jpg 212w, https:\/\/www.genitoriattivi.it\/wp-content\/uploads\/2021\/11\/OCA-EVA-27112021.jpg 1414w\" sizes=\"(max-width: 500px) 100vw, 500px\" \/><\/p>\n<p>Un piacevole ed impegnato spettacolo sulle donne, partecipiamo per riflettere insieme!!<\/p>\n<p><strong>Prenotarsi alla mail indicata nella locandina, ingresso con greenpass<\/strong><\/p>\n<p>Partecipazione all&#8217;evento del&nbsp;<em>consigliere comunale DIANA DE MARCHI<\/em><\/p>\n<p>***********************************************************************************************<\/p>\n<p><\/p>\n<p><a href=\"http:\/\/www.genitoriattivi.it\/wp-content\/uploads\/2021\/05\/LOCANDINA-SAGGIO-TEATRO-2-2021-PICCOLI.jpg\"><img decoding=\"async\" loading=\"lazy\" class=\"aligncenter wp-image-3946 size-large\" src=\"http:\/\/www.genitoriattivi.it\/wp-content\/uploads\/2021\/05\/LOCANDINA-SAGGIO-TEATRO-2-2021-PICCOLI-724x1024.jpg\" alt=\"LOCANDINA SAGGIO TEATRO 2 2021 - PICCOLI\" width=\"500\" height=\"707\" srcset=\"https:\/\/www.genitoriattivi.it\/wp-content\/uploads\/2021\/05\/LOCANDINA-SAGGIO-TEATRO-2-2021-PICCOLI-724x1024.jpg 724w, https:\/\/www.genitoriattivi.it\/wp-content\/uploads\/2021\/05\/LOCANDINA-SAGGIO-TEATRO-2-2021-PICCOLI-212x300.jpg 212w, https:\/\/www.genitoriattivi.it\/wp-content\/uploads\/2021\/05\/LOCANDINA-SAGGIO-TEATRO-2-2021-PICCOLI.jpg 1131w\" sizes=\"(max-width: 500px) 100vw, 500px\" \/><\/a><\/p>\n<p><a href=\"http:\/\/www.genitoriattivi.it\/wp-content\/uploads\/2021\/05\/LOCANDINA-SAGGIO-TEATRO-2021-PICCOLI.jpg\"><img decoding=\"async\" loading=\"lazy\" class=\"aligncenter wp-image-3947 size-large\" src=\"http:\/\/www.genitoriattivi.it\/wp-content\/uploads\/2021\/05\/LOCANDINA-SAGGIO-TEATRO-2021-PICCOLI-724x1024.jpg\" alt=\"LOCANDINA SAGGIO TEATRO 2021 - PICCOLI\" width=\"500\" height=\"707\" srcset=\"https:\/\/www.genitoriattivi.it\/wp-content\/uploads\/2021\/05\/LOCANDINA-SAGGIO-TEATRO-2021-PICCOLI-724x1024.jpg 724w, https:\/\/www.genitoriattivi.it\/wp-content\/uploads\/2021\/05\/LOCANDINA-SAGGIO-TEATRO-2021-PICCOLI-212x300.jpg 212w, https:\/\/www.genitoriattivi.it\/wp-content\/uploads\/2021\/05\/LOCANDINA-SAGGIO-TEATRO-2021-PICCOLI.jpg 1131w\" sizes=\"(max-width: 500px) 100vw, 500px\" \/><\/a><\/p>\n<p><\/p>\n<p>E&#8217; CON ORGOGLIO E SODDISFAZIONE CHE VI INVITIAMO AI SAGGI DI TEATRO DELLE<\/p>\n<p>&#8230;&#8230;NOSTRE PICCOLE PROMESSE&#8230;<\/p>\n<p><strong>CHE CON EMOZIONE, SEMPLICITA&#8217; &#8230;<\/strong><\/p>\n<p>&#8230;&#8230;.&nbsp;<strong>DIFFONDERANNO &#8230;.. BELLEZZA E SORRISI DAL PALCO!!!<\/strong><\/p>\n<p><\/p>\n<p>**************************************************************************************************<\/p>\n<p>PORTIAMO A TEATRO I NOSTRI FANCIULLI..<strong>.A VEDERE I LORO INSEGNANTI!!!<\/strong><\/p>\n<p><strong>UN POMERIGGIO ..DIVERTENTE!! <\/strong><\/p>\n<p><strong>DOMEMICA 14 NOVEMBRE ORE 16.00 VIA G.DUPRE&#8217;,19<\/strong><\/p>\n<p><\/p>\n<p><a href=\"http:\/\/www.genitoriattivi.it\/wp-content\/uploads\/2012\/10\/TEATRINO-TEATRO-14112021.jpg\"><img decoding=\"async\" loading=\"lazy\" class=\"aligncenter wp-image-4035 size-large\" src=\"http:\/\/www.genitoriattivi.it\/wp-content\/uploads\/2012\/10\/TEATRINO-TEATRO-14112021-724x1024.jpg\" alt=\"TEATRINO TEATRO' - 14112021\" width=\"500\" height=\"707\" srcset=\"https:\/\/www.genitoriattivi.it\/wp-content\/uploads\/2012\/10\/TEATRINO-TEATRO-14112021-724x1024.jpg 724w, https:\/\/www.genitoriattivi.it\/wp-content\/uploads\/2012\/10\/TEATRINO-TEATRO-14112021-212x300.jpg 212w, https:\/\/www.genitoriattivi.it\/wp-content\/uploads\/2012\/10\/TEATRINO-TEATRO-14112021.jpg 1448w\" sizes=\"(max-width: 500px) 100vw, 500px\" \/><\/a><\/p>\n<p><\/p>\n<p><strong>SI RICOMINCIA CON LA VOGLIA DI SEMPRE!!<\/strong><\/p>\n<p><a href=\"http:\/\/www.genitoriattivi.it\/wp-content\/uploads\/2018\/09\/locandina-teatro-primaria-2020-21.jpg\"><img decoding=\"async\" loading=\"lazy\" class=\"aligncenter wp-image-3847 size-large\" src=\"http:\/\/www.genitoriattivi.it\/wp-content\/uploads\/2018\/09\/locandina-teatro-primaria-2020-21-724x1024.jpg\" alt=\"locandina teatro primaria 2020-21\" width=\"500\" height=\"707\" srcset=\"https:\/\/www.genitoriattivi.it\/wp-content\/uploads\/2018\/09\/locandina-teatro-primaria-2020-21-724x1024.jpg 724w, https:\/\/www.genitoriattivi.it\/wp-content\/uploads\/2018\/09\/locandina-teatro-primaria-2020-21-212x300.jpg 212w, https:\/\/www.genitoriattivi.it\/wp-content\/uploads\/2018\/09\/locandina-teatro-primaria-2020-21.jpg 1000w\" sizes=\"(max-width: 500px) 100vw, 500px\" \/><\/a><\/p>\n<p><a href=\"http:\/\/www.genitoriattivi.it\/wp-content\/uploads\/2018\/09\/locandina-teatro-secondaria-adulti-2020-21.jpg\"><img decoding=\"async\" loading=\"lazy\" class=\"aligncenter wp-image-3848 size-large\" src=\"http:\/\/www.genitoriattivi.it\/wp-content\/uploads\/2018\/09\/locandina-teatro-secondaria-adulti-2020-21-724x1024.jpg\" alt=\"locandina teatro secondaria+adulti 2020-21\" width=\"500\" height=\"707\" srcset=\"https:\/\/www.genitoriattivi.it\/wp-content\/uploads\/2018\/09\/locandina-teatro-secondaria-adulti-2020-21-724x1024.jpg 724w, https:\/\/www.genitoriattivi.it\/wp-content\/uploads\/2018\/09\/locandina-teatro-secondaria-adulti-2020-21-212x300.jpg 212w, https:\/\/www.genitoriattivi.it\/wp-content\/uploads\/2018\/09\/locandina-teatro-secondaria-adulti-2020-21.jpg 1000w\" sizes=\"(max-width: 500px) 100vw, 500px\" \/><\/a><\/p>\n<p>*************************************************************************************<\/p>\n<p>CIAO A TUTTI!!<\/p>\n<p>E&#8217; con orgoglio e soddisfazione che vi presentiamo il SAGGIO FINALE DELLA COMPAGNIA LIGHT-UP!!<\/p>\n<p><strong>BRAVI RAGAZZI&#8230;E UN GRAZIE SPECIALE A PAOLA E VALERIA<\/strong> CHE CON PAZIENZA HANNO SEGUITO I RAGAZZI&#8230;ANCHE A DISTANZA E HANNO REALIZZATO QUESTO BELLISSIMO MONTAGGIO!!<\/p>\n<p><strong>Un grazie speciale anche a Lorenzo per aver ..apportato la sua esperienza e bravura tecnologia<\/strong> nella realizzazione del video!!<\/p>\n<p>BUONA VISIONE..e all&#8217;anno prossimooooooooo!!!<\/p>\n<p><a href=\"http:\/\/www.genitoriattivi.it\/wp-content\/uploads\/2012\/10\/il-Cambiamento_Copione-completo.pdf\">il Cambiamento_Copione completo<\/a><\/p>\n<p><a href=\"https:\/\/drive.google.com\/file\/d\/1KzXqn7Y_IOZyNOOGivZXBxzVlYRXR25b\/view?usp=sharing\" target=\"_blank\" rel=\"noopener\" data-saferedirecturl=\"https:\/\/www.google.com\/url?q=https:\/\/drive.google.com\/file\/d\/1KzXqn7Y_IOZyNOOGivZXBxzVlYRXR25b\/view?usp%3Dsharing&amp;source=gmail&amp;ust=1592059377637000&amp;usg=AFQjCNGJ7QPTq5huyHxqU4Fgt_ASAsV3TA\">https:\/\/drive.google.com\/file\/<wbr>d\/1KzXqn7Y_<wbr>IOZyNOOGivZXBxzVlYRXR25b\/view?<wbr>usp=sharing<\/a><\/p>\n<p>Questo un piccolo assaggio&#8230;o anticipazione!!<\/p>\n<p><\/p>\n<div style=\"width: 116px;\" class=\"wp-video\"><!--[if lt IE 9]><script>document.createElement('video');<\/script><![endif]-->\n<video class=\"wp-video-shortcode\" id=\"video-45-1\" width=\"116\" height=\"212\" preload=\"metadata\" controls=\"controls\"><source type=\"video\/mp4\" src=\"http:\/\/www.genitoriattivi.it\/wp-content\/uploads\/2012\/10\/video-light-up-2020.mp4?_=1\" \/><a href=\"http:\/\/www.genitoriattivi.it\/wp-content\/uploads\/2012\/10\/video-light-up-2020.mp4\">http:\/\/www.genitoriattivi.it\/wp-content\/uploads\/2012\/10\/video-light-up-2020.mp4<\/a><\/video><\/div>\n<p><\/p>\n<p>CIAO A TUTTI!!<\/p>\n<p>Da quando la scuola \u00e8 chiusa per il Covid 19, al marted\u00ec sera LA CRISALIDE non si \u00e8 piu&#8217; potuta incontrare&#8230;ma <strong>non ci siamo arresi<\/strong>&#8230;al marted\u00ec sera ci siamo organizzati per fare lezioni online..e per mettere in gioco un po&#8217; le nostre capacit\u00e0 e divertirci..insieme abbiamo organizzato questo piccolo video!! buona visione a tutti!!<\/p>\n<p><em>LA CRISALIDE<\/em><\/p>\n<p><\/p>\n<div style=\"width: 212px;\" class=\"wp-video\"><video class=\"wp-video-shortcode\" id=\"video-45-2\" width=\"212\" height=\"116\" preload=\"metadata\" controls=\"controls\"><source type=\"video\/mp4\" src=\"http:\/\/www.genitoriattivi.it\/wp-content\/uploads\/2012\/10\/crisalie-i-6-personaggi-2020.mp4?_=2\" \/><a href=\"http:\/\/www.genitoriattivi.it\/wp-content\/uploads\/2012\/10\/crisalie-i-6-personaggi-2020.mp4\">http:\/\/www.genitoriattivi.it\/wp-content\/uploads\/2012\/10\/crisalie-i-6-personaggi-2020.mp4<\/a><\/video><\/div>\n<p>&amp;&amp;&amp;&amp;&amp;&amp;&amp;&amp;&amp;&amp;&amp;&amp;&amp;&amp;&amp;&amp;&amp;&amp;&amp;&amp;&amp;&amp;&amp;&amp;&amp;&amp;&amp;&amp;&amp;&amp;&amp;&amp;&amp;&amp;&amp;&amp;&amp;<\/p>\n<p>Ciao a tutti,<\/p>\n<p>sono partiti a regime i corsi di teatro.<\/p>\n<p>Qui di seguito il modulo per confermare iscrizione. Si ricorda che va versata anche la quota associativa annulae <em>all&#8217;ASSOCIAZIONE GENITORI ATTIVI<\/em> . La quota \u00e8 in capo ad un solo membro della famiglia.<\/p>\n<p>Nell&#8217;effettuare il bonifico specificare CAUSALE CORRETTA per il corso prescelto.<\/p>\n<p>BUON TEATRO A TUTTI!!<\/p>\n<p><a href=\"http:\/\/www.genitoriattivi.it\/wp-content\/uploads\/2012\/10\/modulo-iscrizione-teatro-2019-2020.pdf\">modulo iscrizione teatro 2019-2020<\/a><\/p>\n<p>CRISALIDE (ADULTI) MARTEDI&#8217; 20.30\/22.30 &#8211; VIA FRIGIA, 4<\/p>\n<p><\/p>\n<p>*****************************************************************************<\/p>\n<p>Buongiorno a tutti!<\/p>\n<p>Vi ricordiamo che a partire da questa settimana partiranno tutti i corsi di teatro.<\/p>\n<p>Per ogni corso <strong>\u00e8 possibile frequentare la prima lezione a titolo di prova<\/strong> e dunque senza alcun impegno! Riportiamo qui sotto le date e gli orari di ogni corso:<\/p>\n<p><strong>RECITAZIONE ELEMENTARI<\/strong>:<\/p>\n<p>PRIMA LEZIONE: <strong>GIOVEDI&#8217; 3 OTTOBRE DALLE 17 ALLE 18:15<\/strong> in via Frigia 4<\/p>\n<p>oppure<\/p>\n<p>PRIMA LEZIONE: <strong>MARTEDI&#8217; 8 OTTOBRE DALLE 17 ALLE 18:15<\/strong> in via Frigia 4<\/p>\n<p><strong>RECITAZIONE ADULTI &#8211; GRUPPO CRISALIDE:<\/strong><\/p>\n<p>PRIMA LEZIONE: <strong>MARTEDI&#8217; 8 OTTOBRE DALLE 20:30 ALLE 22:30<\/strong>, in <strong>via Frigia 4<\/strong><\/p>\n<p>Per quanto riguarda il <strong>progetto LightUp<\/strong> della <strong><strong>scuola media Italo Calvino<\/strong><\/strong>, si comincer\u00e0 il <strong>7 novembre<\/strong> dalle 13:40 alle 16:30. Seguiranno comunicazioni pi\u00f9 specifiche agli interessati.<\/p>\n<p>Vi ringraziamo per l&#8217;attenzione e vi porgiamo cordiali saluti!<\/p>\n<p><em>Felice Ferrara e&nbsp; Paola Panarese<\/em><\/p>\n<p><strong>Teatrino Teatr\u00f2 <\/strong><\/p>\n<p><a href=\"http:\/\/www.genitoriattivi.it\/wp-content\/uploads\/2012\/10\/LOGO-TEATRINO-TEATRO.jpg\"><img decoding=\"async\" loading=\"lazy\" class=\"alignleft wp-image-3627 size-medium\" src=\"http:\/\/www.genitoriattivi.it\/wp-content\/uploads\/2012\/10\/LOGO-TEATRINO-TEATRO-300x295.jpg\" alt=\"LOGO TEATRINO TEATRO'\" width=\"300\" height=\"295\" srcset=\"https:\/\/www.genitoriattivi.it\/wp-content\/uploads\/2012\/10\/LOGO-TEATRINO-TEATRO-300x295.jpg 300w, https:\/\/www.genitoriattivi.it\/wp-content\/uploads\/2012\/10\/LOGO-TEATRINO-TEATRO-1024x1009.jpg 1024w, https:\/\/www.genitoriattivi.it\/wp-content\/uploads\/2012\/10\/LOGO-TEATRINO-TEATRO.jpg 1598w\" sizes=\"(max-width: 300px) 100vw, 300px\" \/><br><\/a><\/p>\n<p><\/p>\n<h1 style=\"text-align: left;\">\u00a7\u00a7\u00a7\u00a7\u00a7\u00a7\u00a7\u00a7\u00a7\u00a7\u00a7\u00a7\u00a7\u00a7\u00a7\u00a7\u00a7\u00a7\u00a7\u00a7\u00a7\u00a7\u00a7\u00a7\u00a7\u00a7\u00a7\u00a7\u00a7\u00a7\u00a7\u00a7\u00a7\u00a7\u00a7\u00a7\u00a7\u00a7\u00a7\u00a7\u00a7\u00a7\u00a7\u00a7\u00a7\u00a7\u00a7\u00a7\u00a7\u00a7\u00a7\u00a7\u00a7\u00a7\u00a7\u00a7\u00a7\u00a7<\/h1>\n<h1 style=\"text-align: left;\">Eccoci qui quasi alla fine dell&#8217;anno scolastico!! Volato via come un soffio&#8230;ma con grandi soddisfazioni!!<\/h1>\n<p>SIAMO DUNQUE MOLTO FIERI DI INVIATARVI AI LAVORI FINALI DEI NOSTRI GRUPPI TEATRALI: <strong>LA CRISALIDE<\/strong> (COMPAGNIA TEATRALE ADULTI) E<strong> I SAGGI DEI BAMBINI DELLA<\/strong> <strong>PRIMARIA<\/strong> &#8230;<em>STREPITOSI!!!&nbsp;<\/em><\/p>\n<p>VI ASPETTIAMO NUMEROSI!! SOPRATUTTO PER SOSTENERE I NOSTRI PICCOLI ATTORI!!<\/p>\n<p><strong>SABATO 18 MAGGIO TEATRO VILLA &#8211; VIA FORTEZZA C\/O CRISTO RE ORE 16.OO E ORE 21.00<\/strong><\/p>\n<p><em><strong>AVERE TRA IL PUBBLICO AMICI,&nbsp;COMPAGNI, INSEGNANTI<\/strong> &#8230;.<strong>E&#8217; MOLTO IMPORTANTE!!<\/strong><\/em><\/p>\n<p>UN APPLAUSO DI UN COMPAGNO&#8230;E&#8217; COME UN CALDO ABBRACCIO!!<\/p>\n<p><strong>UN RINGRAZIAMENTO PARTICOLARE A PAOLA<\/strong> CHE CON LA SUA PASSIONE. ..E PAZIENZA CERCA DI SEMINARE TRA I PIU&#8217; PICCOLI &#8230;QUESTA FORMA DI ARTE CHE RENDE PIU&#8217; FORTI!!<\/p>\n<p>NATURALMENTE UN GRAZIE<strong>&#8230;.GRANDE GRANDE A FELIX<\/strong>&#8230;CHE CON NOI ADULTI&#8230;OLTRE CHE ARMARSI DI&#8230;INFINITA PAZIENZA DEVE ARMARSI ED INVENTARSI &nbsp;OGNI VOLTA ..MILLE MODI PER FARCI STUDIARE..STUDIARE ..STUDIARE!!!<\/p>\n<p>CONDIVIDERE QUESTA ESPERIENZA CON TUTTO IL GRUPPO E&#8217; STATO MOLTO PIACEVOLE!!<\/p>\n<p>A PRESTO!!<\/p>\n<p><\/p>\n<p><a href=\"http:\/\/www.genitoriattivi.it\/wp-content\/uploads\/2012\/10\/locandina-CRISALIDA.jpg\"><img decoding=\"async\" loading=\"lazy\" class=\"aligncenter wp-image-3482 size-large\" src=\"http:\/\/www.genitoriattivi.it\/wp-content\/uploads\/2012\/10\/locandina-CRISALIDA-735x1024.jpg\" alt=\"locandina CRISALIDA\" width=\"500\" height=\"696\" srcset=\"https:\/\/www.genitoriattivi.it\/wp-content\/uploads\/2012\/10\/locandina-CRISALIDA-735x1024.jpg 735w, https:\/\/www.genitoriattivi.it\/wp-content\/uploads\/2012\/10\/locandina-CRISALIDA-215x300.jpg 215w\" sizes=\"(max-width: 500px) 100vw, 500px\" \/><\/a>&nbsp;<a href=\"http:\/\/www.genitoriattivi.it\/wp-content\/uploads\/2012\/10\/LOCANDINA-saggio-ragazzi-primaria.jpg\"><img decoding=\"async\" loading=\"lazy\" class=\"aligncenter wp-image-3483 size-large\" src=\"http:\/\/www.genitoriattivi.it\/wp-content\/uploads\/2012\/10\/LOCANDINA-saggio-ragazzi-primaria-706x1024.jpg\" alt=\"LOCANDINA saggio ragazzi primaria\" width=\"500\" height=\"725\" srcset=\"https:\/\/www.genitoriattivi.it\/wp-content\/uploads\/2012\/10\/LOCANDINA-saggio-ragazzi-primaria-706x1024.jpg 706w, https:\/\/www.genitoriattivi.it\/wp-content\/uploads\/2012\/10\/LOCANDINA-saggio-ragazzi-primaria-207x300.jpg 207w\" sizes=\"(max-width: 500px) 100vw, 500px\" \/><\/a><\/p>\n<h1 style=\"text-align: left;\">&nbsp;<\/h1>\n<h1 style=\"text-align: left;\">Modulo iscrizione <em>LA CRISALIDE<\/em> (teatro adulti) &#8211; Marted\u00ec 20.30\/22.30 &#8211; teatrino Mattei<\/h1>\n<p><a href=\"http:\/\/www.genitoriattivi.it\/wp-content\/uploads\/2012\/10\/MODULO-ISCRIZIONE-CRISALIDE.pdf\">MODULO ISCRIZIONE CRISALIDE<\/a><\/p>\n<h1 style=\"text-align: left;\">&nbsp;<\/h1>\n<h1 style=\"text-align: left;\">Di seguito il modulo necessario per iscrizione teatro medie 2018-2019<\/h1>\n<h1 style=\"text-align: left;\"><a href=\"http:\/\/www.genitoriattivi.it\/wp-content\/uploads\/2012\/10\/iscrizione-TEATRO-MEDIE-2018-2019.pdf\">iscrizione TEATRO MEDIE 2018-2019<\/a>&nbsp;&#8211; modulo<\/h1>\n<h1 style=\"text-align: left;\">$$$$$$$$$$$$$$$$$$$$$$$$$$$$$$$$$$$$$$$$$$$$$$$$$<\/h1>\n<h1 style=\"text-align: left;\"><img decoding=\"async\" loading=\"lazy\" class=\"aligncenter wp-image-3233 size-large\" src=\"http:\/\/www.genitoriattivi.it\/wp-content\/uploads\/2012\/10\/locandina-il-malato-immaginario-724x1024.jpg\" alt=\"locandina il malato immaginario\" width=\"500\" height=\"707\" srcset=\"https:\/\/www.genitoriattivi.it\/wp-content\/uploads\/2012\/10\/locandina-il-malato-immaginario-724x1024.jpg 724w, https:\/\/www.genitoriattivi.it\/wp-content\/uploads\/2012\/10\/locandina-il-malato-immaginario-212x300.jpg 212w\" sizes=\"(max-width: 500px) 100vw, 500px\" \/><\/h1>\n<h1 style=\"text-align: left;\">IL GRUPPO DI<em><strong> TEATRO ADULTI &#8220;LA CRISALIDE<\/strong><\/em>&#8221; E&#8217; FELICE DI INVITARVI VENERDI&#8217; 5 OTTOBRE 2018&nbsp;ALLE ORE 21.00, PRESSO IL TEATRINO DI MATTEI,&#8230;ALLA&#8230;<em>SOFFERTA E SUDATA PERFORMANCE<\/em> DEL &#8220;MALATO IMMAGINARIO&#8221;!! VI ASPETTIAMO<\/h1>\n<h1 style=\"text-align: left;\">&nbsp;<\/h1>\n<h1 style=\"text-align: left;\"><strong>Visto che crediamo nel talento dei nostri ragazzi<\/strong>&#8230;quest&#8217;anno l&#8217;ASSOCIAZIONE GA vuole proporre un corso di <strong>teatro anche per i nostri cuccioli della materna<\/strong>&#8230;e per gli ormai grandicelli delle <strong>medie creando una ..compagnia teatrale!<\/strong>! Di seguito la spiegazione del progetto&#8230;e i moduli per iscrizione!! <em>Per qualunque informazione non esitate a contattarci&#8230;vi aspettiamo numerosi!!<\/em><\/h1>\n<p><a href=\"http:\/\/www.genitoriattivi.it\/wp-content\/uploads\/2018\/09\/TEATRO-PROGETTI.jpg\"><img decoding=\"async\" loading=\"lazy\" class=\"alignnone wp-image-3170 size-full\" src=\"http:\/\/www.genitoriattivi.it\/wp-content\/uploads\/2018\/09\/TEATRO-PROGETTI.jpg\" alt=\"TEATRO PROGETTI\" width=\"471\" height=\"686\" srcset=\"https:\/\/www.genitoriattivi.it\/wp-content\/uploads\/2018\/09\/TEATRO-PROGETTI.jpg 471w, https:\/\/www.genitoriattivi.it\/wp-content\/uploads\/2018\/09\/TEATRO-PROGETTI-205x300.jpg 205w\" sizes=\"(max-width: 471px) 100vw, 471px\" \/><\/a><a href=\"http:\/\/www.genitoriattivi.it\/wp-content\/uploads\/2018\/09\/TEATRO-ISCRIZIONE.jpg\"><img decoding=\"async\" loading=\"lazy\" class=\"alignnone wp-image-3172 size-full\" src=\"http:\/\/www.genitoriattivi.it\/wp-content\/uploads\/2018\/09\/TEATRO-ISCRIZIONE.jpg\" alt=\"TEATRO ISCRIZIONE\" width=\"456\" height=\"645\" srcset=\"https:\/\/www.genitoriattivi.it\/wp-content\/uploads\/2018\/09\/TEATRO-ISCRIZIONE.jpg 456w, https:\/\/www.genitoriattivi.it\/wp-content\/uploads\/2018\/09\/TEATRO-ISCRIZIONE-212x300.jpg 212w\" sizes=\"(max-width: 456px) 100vw, 456px\" \/><\/a><\/p>\n<h1 style=\"text-align: left;\">&nbsp;UN GRANDE LAVORO&#8230;UN GRANDE TEMA&#8230;UNA GRANDE SODDISFAZIONE!!<\/h1>\n<p><strong>BRAVISSIMIIIIIIIIIIIIIIIIIIIII!!!<\/strong><\/p>\n<p><a href=\"http:\/\/www.genitoriattivi.it\/wp-content\/uploads\/2016\/06\/ccpgaobiehcmhlij.jpg\"><img decoding=\"async\" loading=\"lazy\" class=\"aligncenter wp-image-2655 size-large\" src=\"http:\/\/www.genitoriattivi.it\/wp-content\/uploads\/2016\/06\/ccpgaobiehcmhlij-675x1024.jpg\" alt=\"ccpgaobiehcmhlij\" width=\"500\" height=\"758\" srcset=\"https:\/\/www.genitoriattivi.it\/wp-content\/uploads\/2016\/06\/ccpgaobiehcmhlij-675x1024.jpg 675w, https:\/\/www.genitoriattivi.it\/wp-content\/uploads\/2016\/06\/ccpgaobiehcmhlij-197x300.jpg 197w, https:\/\/www.genitoriattivi.it\/wp-content\/uploads\/2016\/06\/ccpgaobiehcmhlij.jpg 900w\" sizes=\"(max-width: 500px) 100vw, 500px\" \/><\/a><\/p>\n<p><\/p>\n<h1 style=\"text-align: left;\">&nbsp; &nbsp; &nbsp; &nbsp; &nbsp; &nbsp; &nbsp; &nbsp; &nbsp; domenica, 12 marzo 2017: Storie, Storielle e Storriellastre<\/h1>\n<h1 style=\"text-align: left;\">&nbsp;<\/h1>\n<h1 style=\"text-align: left;\"><a href=\"http:\/\/www.genitoriattivi.it\/wp-content\/uploads\/2012\/10\/iomomlldggdcokmp.jpg\"><img decoding=\"async\" loading=\"lazy\" class=\"wp-image-2824 size-large aligncenter\" src=\"http:\/\/www.genitoriattivi.it\/wp-content\/uploads\/2012\/10\/iomomlldggdcokmp-724x1024.jpg\" alt=\"volantino  teatrino12-26 marzo\" width=\"500\" height=\"707\" srcset=\"https:\/\/www.genitoriattivi.it\/wp-content\/uploads\/2012\/10\/iomomlldggdcokmp-724x1024.jpg 724w, https:\/\/www.genitoriattivi.it\/wp-content\/uploads\/2012\/10\/iomomlldggdcokmp-212x300.jpg 212w, https:\/\/www.genitoriattivi.it\/wp-content\/uploads\/2012\/10\/iomomlldggdcokmp.jpg 900w\" sizes=\"(max-width: 500px) 100vw, 500px\" \/><\/a><\/h1>\n<h1 style=\"text-align: left;\">&nbsp;Domenica, 13 marzo 2016: &#8220;Peter Pan&#8221;<\/h1>\n<h1 style=\"text-align: left;\"><a href=\"http:\/\/www.genitoriattivi.it\/wp-content\/uploads\/2016\/03\/peter-pan.jpg\"><img decoding=\"async\" loading=\"lazy\" class=\"wp-image-2490 aligncenter\" src=\"http:\/\/www.genitoriattivi.it\/wp-content\/uploads\/2016\/03\/peter-pan-300x212.jpg\" alt=\"peter pan\" width=\"570\" height=\"403\" srcset=\"https:\/\/www.genitoriattivi.it\/wp-content\/uploads\/2016\/03\/peter-pan-300x212.jpg 300w, https:\/\/www.genitoriattivi.it\/wp-content\/uploads\/2016\/03\/peter-pan-1024x724.jpg 1024w, https:\/\/www.genitoriattivi.it\/wp-content\/uploads\/2016\/03\/peter-pan.jpg 1251w\" sizes=\"(max-width: 570px) 100vw, 570px\" \/><\/a><\/h1>\n<h1 style=\"text-align: left;\">Sabato, 27 febbraio 2016: &#8220;il bibliotecario e il mostro dei libri&#8221;<a href=\"http:\/\/www.genitoriattivi.it\/wp-content\/uploads\/2016\/02\/mostrolibri.jpg\"><img decoding=\"async\" loading=\"lazy\" class=\"wp-image-2452 aligncenter\" src=\"http:\/\/www.genitoriattivi.it\/wp-content\/uploads\/2016\/02\/mostrolibri-300x212.jpg\" alt=\"mostrolibri\" width=\"546\" height=\"386\" srcset=\"https:\/\/www.genitoriattivi.it\/wp-content\/uploads\/2016\/02\/mostrolibri-300x212.jpg 300w, https:\/\/www.genitoriattivi.it\/wp-content\/uploads\/2016\/02\/mostrolibri.jpg 800w\" sizes=\"(max-width: 546px) 100vw, 546px\" \/><\/a><\/h1>\n<h1 style=\"text-align: left;\">&nbsp;<\/h1>\n<h1 style=\"text-align: left;\">Domenica, 17 gennaio 2016 &#8211; &#8220;Le favole pi\u00f9 buone&#8221;<\/h1>\n<h1 style=\"text-align: left;\"><a href=\"http:\/\/www.genitoriattivi.it\/wp-content\/uploads\/2016\/01\/locandina-lefavolebuone.jpg\"><img decoding=\"async\" loading=\"lazy\" class=\"wp-image-2331 aligncenter\" src=\"http:\/\/www.genitoriattivi.it\/wp-content\/uploads\/2016\/01\/locandina-lefavolebuone-212x300.jpg\" alt=\"locandina-lefavolebuone\" width=\"452\" height=\"640\" srcset=\"https:\/\/www.genitoriattivi.it\/wp-content\/uploads\/2016\/01\/locandina-lefavolebuone-212x300.jpg 212w, https:\/\/www.genitoriattivi.it\/wp-content\/uploads\/2016\/01\/locandina-lefavolebuone-724x1024.jpg 724w, https:\/\/www.genitoriattivi.it\/wp-content\/uploads\/2016\/01\/locandina-lefavolebuone.jpg 1240w\" sizes=\"(max-width: 452px) 100vw, 452px\" \/><\/a><\/h1>\n<p style=\"text-align: left;\">Grandissimo successo del teatrino domenicale a scuola!! Tante risate per tutti, una bella merenda in compagnia e poi il laboratorio per creare la propria marionetta!<\/p>\n<p>Grazie a tutti coloro che hanno partecipato e ci vediamo al prossimo appuntamento il 27 febbraio con la DITTA GIOCOFIABA!<\/p>\n<p><a href=\"http:\/\/www.genitoriattivi.it\/wp-content\/uploads\/2016\/01\/IMG_8009.jpg\" target=\"_blank\" rel=\"noopener\"><img decoding=\"async\" loading=\"lazy\" class=\"alignnone wp-image-2349 size-medium\" src=\"http:\/\/www.genitoriattivi.it\/wp-content\/uploads\/2016\/01\/IMG_8009-300x225.jpg\" alt=\"IMG_8009\" width=\"300\" height=\"225\" srcset=\"https:\/\/www.genitoriattivi.it\/wp-content\/uploads\/2016\/01\/IMG_8009-300x225.jpg 300w, https:\/\/www.genitoriattivi.it\/wp-content\/uploads\/2016\/01\/IMG_8009-1024x768.jpg 1024w\" sizes=\"(max-width: 300px) 100vw, 300px\" \/><\/a> <a href=\"http:\/\/www.genitoriattivi.it\/wp-content\/uploads\/2016\/01\/IMG_8011.jpg\" target=\"_blank\" rel=\"noopener\"><img decoding=\"async\" loading=\"lazy\" class=\"alignnone wp-image-2350 size-medium\" src=\"http:\/\/www.genitoriattivi.it\/wp-content\/uploads\/2016\/01\/IMG_8011-300x225.jpg\" alt=\"IMG_8011\" width=\"300\" height=\"225\" srcset=\"https:\/\/www.genitoriattivi.it\/wp-content\/uploads\/2016\/01\/IMG_8011-300x225.jpg 300w, https:\/\/www.genitoriattivi.it\/wp-content\/uploads\/2016\/01\/IMG_8011-1024x768.jpg 1024w\" sizes=\"(max-width: 300px) 100vw, 300px\" \/><\/a> <a href=\"http:\/\/www.genitoriattivi.it\/wp-content\/uploads\/2016\/01\/IMG_8015.jpg\" target=\"_blank\" rel=\"noopener\"><img decoding=\"async\" loading=\"lazy\" class=\"alignnone wp-image-2351 size-medium\" src=\"http:\/\/www.genitoriattivi.it\/wp-content\/uploads\/2016\/01\/IMG_8015-300x225.jpg\" alt=\"IMG_8015\" width=\"300\" height=\"225\" srcset=\"https:\/\/www.genitoriattivi.it\/wp-content\/uploads\/2016\/01\/IMG_8015-300x225.jpg 300w, https:\/\/www.genitoriattivi.it\/wp-content\/uploads\/2016\/01\/IMG_8015-1024x768.jpg 1024w\" sizes=\"(max-width: 300px) 100vw, 300px\" \/><\/a> <a href=\"http:\/\/www.genitoriattivi.it\/wp-content\/uploads\/2016\/01\/IMG_8020.jpg\" target=\"_blank\" rel=\"noopener\"><img decoding=\"async\" loading=\"lazy\" class=\"alignnone wp-image-2352 size-medium\" src=\"http:\/\/www.genitoriattivi.it\/wp-content\/uploads\/2016\/01\/IMG_8020-300x225.jpg\" alt=\"IMG_8020\" width=\"300\" height=\"225\" srcset=\"https:\/\/www.genitoriattivi.it\/wp-content\/uploads\/2016\/01\/IMG_8020-300x225.jpg 300w, https:\/\/www.genitoriattivi.it\/wp-content\/uploads\/2016\/01\/IMG_8020-1024x768.jpg 1024w\" sizes=\"(max-width: 300px) 100vw, 300px\" \/><\/a> <a href=\"http:\/\/www.genitoriattivi.it\/wp-content\/uploads\/2016\/01\/IMG_8023.jpg\" target=\"_blank\" rel=\"noopener\"><img decoding=\"async\" loading=\"lazy\" class=\"alignnone wp-image-2353 size-medium\" src=\"http:\/\/www.genitoriattivi.it\/wp-content\/uploads\/2016\/01\/IMG_8023-300x225.jpg\" alt=\"IMG_8023\" width=\"300\" height=\"225\" srcset=\"https:\/\/www.genitoriattivi.it\/wp-content\/uploads\/2016\/01\/IMG_8023-300x225.jpg 300w, https:\/\/www.genitoriattivi.it\/wp-content\/uploads\/2016\/01\/IMG_8023-1024x768.jpg 1024w\" sizes=\"(max-width: 300px) 100vw, 300px\" \/><\/a> <a href=\"http:\/\/www.genitoriattivi.it\/wp-content\/uploads\/2016\/01\/IMG_8013.jpg\" target=\"_blank\" rel=\"noopener\"><img decoding=\"async\" loading=\"lazy\" class=\"alignnone wp-image-2354 size-medium\" src=\"http:\/\/www.genitoriattivi.it\/wp-content\/uploads\/2016\/01\/IMG_8013-300x225.jpg\" alt=\"IMG_8013\" width=\"300\" height=\"225\" srcset=\"https:\/\/www.genitoriattivi.it\/wp-content\/uploads\/2016\/01\/IMG_8013-300x225.jpg 300w, https:\/\/www.genitoriattivi.it\/wp-content\/uploads\/2016\/01\/IMG_8013-1024x768.jpg 1024w\" sizes=\"(max-width: 300px) 100vw, 300px\" \/><\/a> <a href=\"http:\/\/www.genitoriattivi.it\/wp-content\/uploads\/2016\/01\/IMG_8016.jpg\" target=\"_blank\" rel=\"noopener\"><img decoding=\"async\" loading=\"lazy\" class=\"alignnone wp-image-2355 size-medium\" src=\"http:\/\/www.genitoriattivi.it\/wp-content\/uploads\/2016\/01\/IMG_8016-300x225.jpg\" alt=\"IMG_8016\" width=\"300\" height=\"225\" srcset=\"https:\/\/www.genitoriattivi.it\/wp-content\/uploads\/2016\/01\/IMG_8016-300x225.jpg 300w, https:\/\/www.genitoriattivi.it\/wp-content\/uploads\/2016\/01\/IMG_8016-1024x768.jpg 1024w\" sizes=\"(max-width: 300px) 100vw, 300px\" \/><\/a> <a href=\"http:\/\/www.genitoriattivi.it\/wp-content\/uploads\/2016\/01\/IMG_8021.jpg\" target=\"_blank\" rel=\"noopener\"><img decoding=\"async\" loading=\"lazy\" class=\"alignnone wp-image-2356 size-medium\" src=\"http:\/\/www.genitoriattivi.it\/wp-content\/uploads\/2016\/01\/IMG_8021-300x225.jpg\" alt=\"IMG_8021\" width=\"300\" height=\"225\" srcset=\"https:\/\/www.genitoriattivi.it\/wp-content\/uploads\/2016\/01\/IMG_8021-300x225.jpg 300w, https:\/\/www.genitoriattivi.it\/wp-content\/uploads\/2016\/01\/IMG_8021-1024x768.jpg 1024w\" sizes=\"(max-width: 300px) 100vw, 300px\" \/><\/a> <a href=\"http:\/\/www.genitoriattivi.it\/wp-content\/uploads\/2016\/01\/IMG_8029.jpg\" target=\"_blank\" rel=\"noopener\"><img decoding=\"async\" loading=\"lazy\" class=\"alignnone wp-image-2357 size-medium\" src=\"http:\/\/www.genitoriattivi.it\/wp-content\/uploads\/2016\/01\/IMG_8029-300x225.jpg\" alt=\"IMG_8029\" width=\"300\" height=\"225\" srcset=\"https:\/\/www.genitoriattivi.it\/wp-content\/uploads\/2016\/01\/IMG_8029-300x225.jpg 300w, https:\/\/www.genitoriattivi.it\/wp-content\/uploads\/2016\/01\/IMG_8029-1024x768.jpg 1024w\" sizes=\"(max-width: 300px) 100vw, 300px\" \/><\/a><\/p>\n<p><\/p>\n\n\n<figure class=\"wp-block-gallery has-nested-images columns-default is-cropped wp-block-gallery-21 is-layout-flex\">\n<figure class=\"wp-block-image size-large\"><a href=\"http:\/\/www.genitoriattivi.it\/wp-content\/uploads\/2023\/04\/SAGGIO-LIGHT-UP-6-maggio-2023.jpg\"><img decoding=\"async\" loading=\"lazy\" width=\"724\" height=\"1024\" data-id=\"4566\"  src=\"http:\/\/www.genitoriattivi.it\/wp-content\/uploads\/2023\/04\/SAGGIO-LIGHT-UP-6-maggio-2023-724x1024.jpg\" alt=\"\" class=\"wp-image-4566\" srcset=\"https:\/\/www.genitoriattivi.it\/wp-content\/uploads\/2023\/04\/SAGGIO-LIGHT-UP-6-maggio-2023-724x1024.jpg 724w, https:\/\/www.genitoriattivi.it\/wp-content\/uploads\/2023\/04\/SAGGIO-LIGHT-UP-6-maggio-2023-212x300.jpg 212w, https:\/\/www.genitoriattivi.it\/wp-content\/uploads\/2023\/04\/SAGGIO-LIGHT-UP-6-maggio-2023-768x1086.jpg 768w, https:\/\/www.genitoriattivi.it\/wp-content\/uploads\/2023\/04\/SAGGIO-LIGHT-UP-6-maggio-2023-1086x1536.jpg 1086w, https:\/\/www.genitoriattivi.it\/wp-content\/uploads\/2023\/04\/SAGGIO-LIGHT-UP-6-maggio-2023.jpg 1131w\" sizes=\"(max-width: 724px) 100vw, 724px\" \/><\/a><\/figure>\n<\/figure>\n\n\n\n<p><\/p>\n","protected":false},"excerpt":{"rendered":"<p>Ripartono i corsi di teatro per tutti!!! piccoli&#8230;grandi&#8230;medi &#8211; lezione aperta di prova ************************************************************************************************************* SAGGI DI TEATRO RAGAZZI 2025&#8230;SIETE PRONTI??!?!? SABATO 17 MAGGIO ORE 12.00 E ORE 17.00 Un grazie particolare a PROGETTO CASA che anche quest&#8217;anno ci ha permesso di realizzare questo progetto. Grazie a Paola e Felix per aver accompagnato i ragazzi in [&hellip;]<\/p>\n","protected":false},"author":1,"featured_media":0,"parent":0,"menu_order":0,"comment_status":"closed","ping_status":"open","template":"","meta":[],"_links":{"self":[{"href":"https:\/\/www.genitoriattivi.it\/index.php?rest_route=\/wp\/v2\/pages\/45"}],"collection":[{"href":"https:\/\/www.genitoriattivi.it\/index.php?rest_route=\/wp\/v2\/pages"}],"about":[{"href":"https:\/\/www.genitoriattivi.it\/index.php?rest_route=\/wp\/v2\/types\/page"}],"author":[{"embeddable":true,"href":"https:\/\/www.genitoriattivi.it\/index.php?rest_route=\/wp\/v2\/users\/1"}],"replies":[{"embeddable":true,"href":"https:\/\/www.genitoriattivi.it\/index.php?rest_route=%2Fwp%2Fv2%2Fcomments&post=45"}],"version-history":[{"count":135,"href":"https:\/\/www.genitoriattivi.it\/index.php?rest_route=\/wp\/v2\/pages\/45\/revisions"}],"predecessor-version":[{"id":5166,"href":"https:\/\/www.genitoriattivi.it\/index.php?rest_route=\/wp\/v2\/pages\/45\/revisions\/5166"}],"wp:attachment":[{"href":"https:\/\/www.genitoriattivi.it\/index.php?rest_route=%2Fwp%2Fv2%2Fmedia&parent=45"}],"curies":[{"name":"wp","href":"https:\/\/api.w.org\/{rel}","templated":true}]}}