{"id":49,"date":"2012-10-18T15:30:50","date_gmt":"2012-10-18T13:30:50","guid":{"rendered":"http:\/\/www.genitoriattivi.it\/?page_id=49"},"modified":"2022-12-13T11:52:09","modified_gmt":"2022-12-13T10:52:09","slug":"gruppo-lavoro-handicap","status":"publish","type":"page","link":"https:\/\/www.genitoriattivi.it\/?page_id=49","title":{"rendered":"Inclusione"},"content":{"rendered":"\n<p>SEGNALIAMO QUESTA IMPORTANTE INIZIATIVA DEI NOSTRI PARTNER AMICI DEL SANGA!!<\/p>\n\n\n\n<p>APPUNTAMENTO ITC CALVINO <strong>IL 28 GENNAIO 2023 <\/strong>&#8211; TUTTA LA MATTINA!!<\/p>\n\n\n\n<figure class=\"wp-block-image size-large\"><a href=\"http:\/\/www.genitoriattivi.it\/wp-content\/uploads\/2022\/12\/SANGA-INCLUSIONE-IN-MOVIMENTO-CALENDARIO-LAB.png\"><img decoding=\"async\" loading=\"lazy\" width=\"724\" height=\"1024\" src=\"http:\/\/www.genitoriattivi.it\/wp-content\/uploads\/2022\/12\/SANGA-INCLUSIONE-IN-MOVIMENTO-CALENDARIO-LAB-724x1024.png\" alt=\"\" class=\"wp-image-4457\" srcset=\"https:\/\/www.genitoriattivi.it\/wp-content\/uploads\/2022\/12\/SANGA-INCLUSIONE-IN-MOVIMENTO-CALENDARIO-LAB-724x1024.png 724w, https:\/\/www.genitoriattivi.it\/wp-content\/uploads\/2022\/12\/SANGA-INCLUSIONE-IN-MOVIMENTO-CALENDARIO-LAB-212x300.png 212w, https:\/\/www.genitoriattivi.it\/wp-content\/uploads\/2022\/12\/SANGA-INCLUSIONE-IN-MOVIMENTO-CALENDARIO-LAB-768x1086.png 768w, https:\/\/www.genitoriattivi.it\/wp-content\/uploads\/2022\/12\/SANGA-INCLUSIONE-IN-MOVIMENTO-CALENDARIO-LAB-1086x1536.png 1086w, https:\/\/www.genitoriattivi.it\/wp-content\/uploads\/2022\/12\/SANGA-INCLUSIONE-IN-MOVIMENTO-CALENDARIO-LAB.png 1414w\" sizes=\"(max-width: 724px) 100vw, 724px\" \/><\/a><\/figure>\n\n\n<p><a href=\"http:\/\/www.genitoriattivi.it\/wp-content\/uploads\/2012\/10\/dbjeeihd..jpeg\"><img decoding=\"async\" loading=\"lazy\" class=\"size-medium wp-image-2236 aligncenter\" src=\"http:\/\/www.genitoriattivi.it\/wp-content\/uploads\/2012\/10\/dbjeeihd.-300x123.jpeg\" alt=\"dbjeeihd.\" width=\"300\" height=\"123\" srcset=\"https:\/\/www.genitoriattivi.it\/wp-content\/uploads\/2012\/10\/dbjeeihd.-300x123.jpeg 300w, https:\/\/www.genitoriattivi.it\/wp-content\/uploads\/2012\/10\/dbjeeihd..jpeg 351w\" sizes=\"(max-width: 300px) 100vw, 300px\" \/><\/a><\/p>\n<p>&nbsp;<\/p>\n<h2>Oggi, 3 dicembre, si celebra la giornata mondiale della disabilit\u00e0<\/h2>\n<p>La nostra scuola dedicher\u00e0 a questa scadenza un momento di riflessione,&nbsp;infatti verr\u00e0 proiettato in tre seconde medie il filmato sull&#8217;esperienza del&nbsp;Coros manos blancas del Venezuela di Abreu e Abbado,&nbsp;l&#8217;esperienza musicale che vede collaborare alunni disabili e normodotati,&nbsp;che si sta replicando nella nostra scuola con successo<\/p>\n<p><iframe loading=\"lazy\" title=\"L&#039;altra voce della Musica. In viaggio con Claudio Abbado tra Caracas e l&#039;Avana\" width=\"500\" height=\"281\" src=\"https:\/\/www.youtube.com\/embed\/C0BFFqJOMoI?feature=oembed\" frameborder=\"0\" allow=\"accelerometer; autoplay; clipboard-write; encrypted-media; gyroscope; picture-in-picture\" allowfullscreen><\/iframe><\/p>\n<p>&nbsp;<\/p>\n<p>il nostro coro della scuola con il coro mani bianche della Lombardia<\/p>\n<p><a href=\"https:\/\/www.youtube.com\/watch?v=ZKL9AEMJr7E\">https:\/\/www.youtube.com\/watch?v=ZKL9AEMJr7E<\/a><\/p>\n<p><a href=\"http:\/\/www.genitoriattivi.it\/wp-content\/uploads\/2012\/10\/fjaheeba..jpeg\"><img decoding=\"async\" loading=\"lazy\" class=\"alignleft wp-image-2235 size-medium\" src=\"http:\/\/www.genitoriattivi.it\/wp-content\/uploads\/2012\/10\/fjaheeba.-300x148.jpeg\" alt=\"fjaheeba.\" width=\"300\" height=\"148\" srcset=\"https:\/\/www.genitoriattivi.it\/wp-content\/uploads\/2012\/10\/fjaheeba.-300x148.jpeg 300w, https:\/\/www.genitoriattivi.it\/wp-content\/uploads\/2012\/10\/fjaheeba..jpeg 482w\" sizes=\"(max-width: 300px) 100vw, 300px\" \/><\/a><\/p>\n<p>&nbsp;<\/p>\n<p>&nbsp;<\/p>\n<p>&nbsp;<\/p>\n<p>&nbsp;<\/p>\n<p>&nbsp;<\/p>\n<p>Anche in campo sportivo si moltiplicano le occasioni di vera inclusione&nbsp;per i nostri ragazzi con il Baskin di Sanga mondo e l&#8217;originale esperienza di calcio di&nbsp;TUKIKI<\/p>\n<p><a href=\"http:\/\/www.genitoriattivi.it\/wp-content\/uploads\/2012\/10\/djaahaff..jpeg\"><img decoding=\"async\" loading=\"lazy\" class=\"alignleft wp-image-2234 size-medium\" src=\"http:\/\/www.genitoriattivi.it\/wp-content\/uploads\/2012\/10\/djaahaff.-300x209.jpeg\" alt=\"djaahaff.\" width=\"300\" height=\"209\" srcset=\"https:\/\/www.genitoriattivi.it\/wp-content\/uploads\/2012\/10\/djaahaff.-300x209.jpeg 300w, https:\/\/www.genitoriattivi.it\/wp-content\/uploads\/2012\/10\/djaahaff..jpeg 640w\" sizes=\"(max-width: 300px) 100vw, 300px\" \/><\/a><\/p>\n<p>&nbsp;<\/p>\n<p>&nbsp;<\/p>\n<p>&nbsp;<\/p>\n<p>&nbsp;<\/p>\n<p>&nbsp;<\/p>\n<p>&nbsp;<\/p>\n<p><a href=\"http:\/\/www.genitoriattivi.it\/wp-content\/uploads\/2015\/12\/1448953175_volantino-per-giornale-sito.jpg\"><img decoding=\"async\" loading=\"lazy\" class=\"alignleft wp-image-2247 \" src=\"http:\/\/www.genitoriattivi.it\/wp-content\/uploads\/2015\/12\/1448953175_volantino-per-giornale-sito.jpg\" alt=\"Full page photo\" width=\"358\" height=\"495\" srcset=\"https:\/\/www.genitoriattivi.it\/wp-content\/uploads\/2015\/12\/1448953175_volantino-per-giornale-sito.jpg 257w, https:\/\/www.genitoriattivi.it\/wp-content\/uploads\/2015\/12\/1448953175_volantino-per-giornale-sito-217x300.jpg 217w\" sizes=\"(max-width: 358px) 100vw, 358px\" \/><\/a><\/p>\n<p>&nbsp;<\/p>\n<p>&nbsp;<\/p>\n<p>&nbsp;<\/p>\n<p>&nbsp;<\/p>\n<p>&nbsp;<\/p>\n<p>&nbsp;<\/p>\n<p>&nbsp;<\/p>\n<p>&nbsp;<\/p>\n<p>&nbsp;<\/p>\n<p>&nbsp;<\/p>\n<p>&nbsp;<\/p>\n<p>&nbsp;<\/p>\n<p>&nbsp;<\/p>\n<p>&nbsp;<\/p>\n<p>&nbsp;<\/p>\n<p>&nbsp;<\/p>\n<p>&nbsp;<\/p>\n<p>&nbsp;<\/p>\n<p><a href=\"http:\/\/www.genitoriattivi.it\/wp-content\/uploads\/2012\/10\/I_Diritti_Esigibili_ITA_Rev_2011_1.pdf\" target=\"_blank\" rel=\"noopener\">I Diritti &nbsp;Esigibili<\/a><\/p>\n<p><a href=\"http:\/\/www.genitoriattivi.it\/wp-content\/uploads\/2012\/10\/linee-guida-H.pdf\" target=\"_blank\" rel=\"noopener\">Linee Guida per l&#8217;handicap<\/a><\/p>\n<p><a href=\"http:\/\/www.genitoriattivi.it\/wp-content\/uploads\/2012\/10\/Nota_sugli_alunni_con_particolari_bisogni_educativi1.pdf\" target=\"_blank\" rel=\"noopener\">Nota sugli alunni con particolari bisogni educativi<\/a><\/p>\n<p><a href=\"http:\/\/www.genitoriattivi.it\/wp-content\/uploads\/2012\/10\/assistenti_autonomia_comunicazione2.pdf\" target=\"_blank\" rel=\"noopener\">Assistenti all&#8217;autonomia e alla comunicazione<\/a><\/p>\n<p><a style=\"font-size: 16px; background-color: #ffffff; text-decoration: underline;\" href=\"http:\/\/www.genitoriattivi.it\/wp-content\/uploads\/2012\/10\/bando-di-accreditamento.doc\" target=\"_blank\" rel=\"noopener\">Bando di accreditamento<\/a><\/p>\n<p><a href=\"http:\/\/www.genitoriattivi.it\/wp-content\/uploads\/2012\/10\/RetePerIntegrazione.ppt\" target=\"_blank\" rel=\"noopener\">Rete per Integrazione<\/a><\/p>\n<p><a href=\"http:\/\/www.genitoriattivi.it\/wp-content\/uploads\/2012\/10\/Vademecum_Scuola_web2012_bassa.pdf\" target=\"_blank\" rel=\"noopener\">Vademecum per una corretta inclusione scolastica<\/a><\/p>\n<p><a href=\"http:\/\/www.genitoriattivi.it\/wp-content\/uploads\/2012\/10\/Il-ruolo-della-famiglia-e-delle-Associazioni-di-famiglie-nellinclusione-scolastica.pdf\">Il ruolo delle famiglie&nbsp;e delle associazioni nell&#8217;inclusione scolastica<\/a><\/p>\n<p><a href=\"http:\/\/www.genitoriattivi.it\/wp-content\/uploads\/2012\/10\/per-corretta-inclusione-scolastica.doc\" target=\"_blank\" rel=\"noopener\">Il ruolo della scuola nell&#8217;inclusione scolastica<\/a><\/p>\n<p><a href=\"http:\/\/www.genitoriattivi.it\/wp-content\/uploads\/2012\/10\/linee-guida-ctrh.pdf\">Linee guida CTRH<\/a><\/p>\n<p><a href=\"http:\/\/www.genitoriattivi.it\/wp-content\/uploads\/2012\/10\/Il-numero-degli-alunni-per-classe-e-le-norme-da-rispettare.doc\">Numero di alunni per classe<\/a><\/p>\n<p><a href=\"http:\/\/www.genitoriattivi.it\/wp-content\/uploads\/2012\/10\/Manifesto.pdf\">Manifesto Inclusivo<\/a><\/p>\n<p><a title=\"Direttiva BES\" href=\"http:\/\/www.genitoriattivi.it\/wp-content\/uploads\/2013\/03\/Direttiva-BES1.pdf\">Direttiva BES<\/a><\/p>\n\n\n<figure class=\"wp-block-gallery has-nested-images columns-default is-cropped wp-block-gallery-1 is-layout-flex\"><\/figure>\n","protected":false},"excerpt":{"rendered":"<p>SEGNALIAMO QUESTA IMPORTANTE INIZIATIVA DEI NOSTRI PARTNER AMICI DEL SANGA!! APPUNTAMENTO ITC CALVINO IL 28 GENNAIO 2023 &#8211; TUTTA LA MATTINA!! &nbsp; Oggi, 3 dicembre, si celebra la giornata mondiale della disabilit\u00e0 La nostra scuola dedicher\u00e0 a questa scadenza un momento di riflessione,&nbsp;infatti verr\u00e0 proiettato in tre seconde medie il filmato sull&#8217;esperienza del&nbsp;Coros manos blancas [&hellip;]<\/p>\n","protected":false},"author":1,"featured_media":0,"parent":0,"menu_order":0,"comment_status":"closed","ping_status":"open","template":"","meta":[],"_links":{"self":[{"href":"https:\/\/www.genitoriattivi.it\/index.php?rest_route=\/wp\/v2\/pages\/49"}],"collection":[{"href":"https:\/\/www.genitoriattivi.it\/index.php?rest_route=\/wp\/v2\/pages"}],"about":[{"href":"https:\/\/www.genitoriattivi.it\/index.php?rest_route=\/wp\/v2\/types\/page"}],"author":[{"embeddable":true,"href":"https:\/\/www.genitoriattivi.it\/index.php?rest_route=\/wp\/v2\/users\/1"}],"replies":[{"embeddable":true,"href":"https:\/\/www.genitoriattivi.it\/index.php?rest_route=%2Fwp%2Fv2%2Fcomments&post=49"}],"version-history":[{"count":42,"href":"https:\/\/www.genitoriattivi.it\/index.php?rest_route=\/wp\/v2\/pages\/49\/revisions"}],"predecessor-version":[{"id":4459,"href":"https:\/\/www.genitoriattivi.it\/index.php?rest_route=\/wp\/v2\/pages\/49\/revisions\/4459"}],"wp:attachment":[{"href":"https:\/\/www.genitoriattivi.it\/index.php?rest_route=%2Fwp%2Fv2%2Fmedia&parent=49"}],"curies":[{"name":"wp","href":"https:\/\/api.w.org\/{rel}","templated":true}]}}